{"id":2725,"date":"2023-04-03T10:09:04","date_gmt":"2023-04-03T08:09:04","guid":{"rendered":"https:\/\/mancinellivini.it\/degustazioni-mancinelli\/"},"modified":"2024-02-28T09:32:08","modified_gmt":"2024-02-28T08:32:08","slug":"degustazioni-mancinelli","status":"publish","type":"page","link":"https:\/\/mancinellivini.it\/fr\/degustazioni-mancinelli\/","title":{"rendered":"D\u00e9gustations"},"content":{"rendered":"\t\t<div data-elementor-type=\"wp-page\" data-elementor-id=\"2725\" class=\"elementor elementor-2725 elementor-2449\">\n\t\t\t\t\t\t<section class=\"elementor-section elementor-top-section elementor-element elementor-element-08d07bb elementor-section-full_width elementor-section-content-middle elementor-section-stretched elementor-reverse-tablet elementor-reverse-mobile elementor-section-height-default elementor-section-height-default parallax_section_no qode_elementor_container_no qode-content-aligment-left\" data-id=\"08d07bb\" data-element_type=\"section\" data-settings=\"{&quot;stretch_section&quot;:&quot;section-stretched&quot;}\">\n\t\t\t\t\t\t<div class=\"elementor-container elementor-column-gap-no\">\n\t\t\t\t\t<div class=\"elementor-column elementor-col-50 elementor-top-column elementor-element elementor-element-9ac4484\" data-id=\"9ac4484\" data-element_type=\"column\">\n\t\t\t<div class=\"elementor-widget-wrap elementor-element-populated\">\n\t\t\t\t\t\t<div class=\"elementor-element elementor-element-9bc9941 elementor-widget elementor-widget-image\" data-id=\"9bc9941\" data-element_type=\"widget\" data-widget_type=\"image.default\">\n\t\t\t\t<div class=\"elementor-widget-container\">\n\t\t\t\t\t\t\t\t\t\t\t\t\t<img fetchpriority=\"high\" decoding=\"async\" width=\"1530\" height=\"1025\" src=\"https:\/\/mancinellivini.it\/wp-content\/uploads\/2024\/02\/vini-mancinelli.webp\" class=\"attachment-1536x1536 size-1536x1536 wp-image-2924\" alt=\"\" srcset=\"https:\/\/mancinellivini.it\/wp-content\/uploads\/2024\/02\/vini-mancinelli.webp 1530w, https:\/\/mancinellivini.it\/wp-content\/uploads\/2024\/02\/vini-mancinelli-300x201.webp 300w, https:\/\/mancinellivini.it\/wp-content\/uploads\/2024\/02\/vini-mancinelli-1024x686.webp 1024w, https:\/\/mancinellivini.it\/wp-content\/uploads\/2024\/02\/vini-mancinelli-768x515.webp 768w, https:\/\/mancinellivini.it\/wp-content\/uploads\/2024\/02\/vini-mancinelli-700x469.webp 700w, https:\/\/mancinellivini.it\/wp-content\/uploads\/2024\/02\/vini-mancinelli-1100x737.webp 1100w, https:\/\/mancinellivini.it\/wp-content\/uploads\/2024\/02\/vini-mancinelli-600x402.webp 600w, https:\/\/mancinellivini.it\/wp-content\/uploads\/2024\/02\/vini-mancinelli-64x43.webp 64w\" sizes=\"(max-width: 1530px) 100vw, 1530px\" \/>\t\t\t\t\t\t\t\t\t\t\t\t\t<\/div>\n\t\t\t\t<\/div>\n\t\t\t\t\t<\/div>\n\t\t<\/div>\n\t\t\t\t<div class=\"elementor-column elementor-col-50 elementor-top-column elementor-element elementor-element-181f2e3\" data-id=\"181f2e3\" data-element_type=\"column\">\n\t\t\t<div class=\"elementor-widget-wrap elementor-element-populated\">\n\t\t\t\t\t\t<div class=\"elementor-element elementor-element-3e9f58b elementor-widget elementor-widget-heading\" data-id=\"3e9f58b\" data-element_type=\"widget\" data-widget_type=\"heading.default\">\n\t\t\t\t<div class=\"elementor-widget-container\">\n\t\t\t<h3 class=\"elementor-heading-title elementor-size-xl\">DEGUSTATION A LA CAVE<\/h3>\t\t<\/div>\n\t\t\t\t<\/div>\n\t\t\t\t<div class=\"elementor-element elementor-element-ff546c6 elementor-widget elementor-widget-text-editor\" data-id=\"ff546c6\" data-element_type=\"widget\" data-widget_type=\"text-editor.default\">\n\t\t\t\t<div class=\"elementor-widget-container\">\n\t\t\t\t\t\t\t<p>Nous produisons des <strong> vins <\/strong> (Lacrima di Morro d&rsquo;Alba et Verdicchio dei Castelli di Jesi sous diff\u00e9rentes formes et types), <strong> distillats <\/strong>, <strong> huile d&rsquo;olive extra vierge <\/strong> et <strong>condiments<\/strong>.<\/p><p>\u00a0<\/p><p><strong>Tous nos produits<\/strong> sont obtenus en transformant directement et exclusivement ce que nous cultivons sur notre ferme.<\/p>\t\t\t\t\t\t<\/div>\n\t\t\t\t<\/div>\n\t\t\t\t\t<\/div>\n\t\t<\/div>\n\t\t\t\t\t<\/div>\n\t\t<\/section>\n\t\t\t\t<section class=\"elementor-section elementor-top-section elementor-element elementor-element-e266cd0 elementor-section-full_width elementor-section-content-middle elementor-section-stretched elementor-section-height-default elementor-section-height-default parallax_section_no qode_elementor_container_no qode-content-aligment-left\" data-id=\"e266cd0\" data-element_type=\"section\" data-settings=\"{&quot;stretch_section&quot;:&quot;section-stretched&quot;}\">\n\t\t\t\t\t\t<div class=\"elementor-container elementor-column-gap-no\">\n\t\t\t\t\t<div class=\"elementor-column elementor-col-66 elementor-top-column elementor-element elementor-element-6ce401a\" data-id=\"6ce401a\" data-element_type=\"column\">\n\t\t\t<div class=\"elementor-widget-wrap elementor-element-populated\">\n\t\t\t\t\t\t<div class=\"elementor-element elementor-element-4adade7 elementor-widget elementor-widget-heading\" data-id=\"4adade7\" data-element_type=\"widget\" data-widget_type=\"heading.default\">\n\t\t\t\t<div class=\"elementor-widget-container\">\n\t\t\t<h3 class=\"elementor-heading-title elementor-size-xl\">VENEZ CONNA\u00ceTRE NOTRE R\u00c9ALIT\u00c9<\/h3>\t\t<\/div>\n\t\t\t\t<\/div>\n\t\t\t\t<div class=\"elementor-element elementor-element-89ec061 elementor-widget elementor-widget-text-editor\" data-id=\"89ec061\" data-element_type=\"widget\" data-widget_type=\"text-editor.default\">\n\t\t\t\t<div class=\"elementor-widget-container\">\n\t\t\t\t\t\t\t<p>R\u00e9servez une <strong>visite avec d\u00e9gustation<\/strong> dans la cave.<\/p><p>\u00a0<\/p><p>Les <strong>horaires disponibles<\/strong> sont le matin \u00e0 9, 10 et 11 et l&rsquo;apr\u00e8s-midi \u00e0 15, 16 et 17.<\/p><p>\u00a0<\/p><p>Les r\u00e9servations sont obligatoires au moins <strong>deux jours \u00e0 l&rsquo;avance.<\/strong><\/p>\t\t\t\t\t\t<\/div>\n\t\t\t\t<\/div>\n\t\t\t\t<div class=\"elementor-element elementor-element-cb4c050 elementor-widget elementor-widget-stockholm_cf_7\" data-id=\"cb4c050\" data-element_type=\"widget\" id=\"form-deg\" data-widget_type=\"stockholm_cf_7.default\">\n\t\t\t\t<div class=\"elementor-widget-container\">\n\t\t\t    <div class=\"qode-contact-form-7 qode-contact-form-7-0\">\n    \n<div class=\"wpcf7 no-js\" id=\"wpcf7-f2745-o1\" lang=\"fr-FR\" dir=\"ltr\" data-wpcf7-id=\"2745\">\n<div class=\"screen-reader-response\"><p role=\"status\" aria-live=\"polite\" aria-atomic=\"true\"><\/p> <ul><\/ul><\/div>\n<form action=\"\/fr\/wp-json\/wp\/v2\/pages\/2725#wpcf7-f2745-o1\" method=\"post\" class=\"wpcf7-form init cf7_custom_style_1\" aria-label=\"Formulaire de contact\" novalidate=\"novalidate\" data-status=\"init\">\n<fieldset class=\"hidden-fields-container\"><input type=\"hidden\" name=\"_wpcf7\" value=\"2745\" \/><input type=\"hidden\" name=\"_wpcf7_version\" value=\"6.1.4\" \/><input type=\"hidden\" name=\"_wpcf7_locale\" value=\"fr_FR\" \/><input type=\"hidden\" name=\"_wpcf7_unit_tag\" value=\"wpcf7-f2745-o1\" \/><input type=\"hidden\" name=\"_wpcf7_container_post\" value=\"0\" \/><input type=\"hidden\" name=\"_wpcf7_posted_data_hash\" value=\"\" \/>\n<\/fieldset>\n<div class=\"qodef-grid-row\">\n\t<div class=\"qodef-grid-col-4\">\n\t\t<p><span class=\"wpcf7-form-control-wrap\" data-name=\"your-name\"><input size=\"40\" maxlength=\"400\" class=\"wpcf7-form-control wpcf7-text wpcf7-validates-as-required\" aria-required=\"true\" aria-invalid=\"false\" placeholder=\"Nom et pr\u00e9nom*\" value=\"\" type=\"text\" name=\"your-name\" \/><\/span>\n\t\t<\/p>\n\t<\/div>\n\t<div class=\"qodef-grid-col-4\">\n\t\t<p><span class=\"wpcf7-form-control-wrap\" data-name=\"your-email\"><input size=\"40\" maxlength=\"400\" class=\"wpcf7-form-control wpcf7-email wpcf7-validates-as-required wpcf7-text wpcf7-validates-as-email\" aria-required=\"true\" aria-invalid=\"false\" placeholder=\"E-mail*\" value=\"\" type=\"email\" name=\"your-email\" \/><\/span>\n\t\t<\/p>\n\t<\/div>\n\t<div class=\"qodef-grid-col-4\">\n\t\t<p><span class=\"wpcf7-form-control-wrap\" data-name=\"tel-590\"><input size=\"40\" maxlength=\"400\" class=\"wpcf7-form-control wpcf7-tel wpcf7-validates-as-required wpcf7-text wpcf7-validates-as-tel\" aria-required=\"true\" aria-invalid=\"false\" placeholder=\"T\u00e9l\u00e9phone*\" value=\"\" type=\"tel\" name=\"tel-590\" \/><\/span>\n\t\t<\/p>\n\t<\/div>\n\t<div class=\"qodef-grid-col-3\">\n\t\t<p><span class=\"wpcf7-form-control-wrap\" data-name=\"date-450\"><input class=\"wpcf7-form-control wpcf7-date wpcf7-validates-as-required wpcf7-validates-as-date\" aria-required=\"true\" aria-invalid=\"false\" value=\"\" type=\"date\" name=\"date-450\" \/><\/span>\n\t\t<\/p>\n\t<\/div>\n\t<div class=\"qodef-grid-col-3\">\n\t\t<p><span class=\"wpcf7-form-control-wrap\" data-name=\"orario-deg\"><select class=\"wpcf7-form-control wpcf7-select wpcf7-validates-as-required\" aria-required=\"true\" aria-invalid=\"false\" name=\"orario-deg\"><option value=\"09:00\">09:00<\/option><option value=\"10:00\">10:00<\/option><option value=\"11:00\">11:00<\/option><option value=\"15:00\">15:00<\/option><option value=\"16:00\">16:00<\/option><option value=\"17:00\">17:00<\/option><\/select><\/span>\n\t\t<\/p>\n\t<\/div>\n\t<div class=\"qodef-grid-col-3\">\n\t\t<p><span class=\"wpcf7-form-control-wrap\" data-name=\"your-qty\"><input size=\"40\" maxlength=\"400\" class=\"wpcf7-form-control wpcf7-text wpcf7-validates-as-required\" aria-required=\"true\" aria-invalid=\"false\" placeholder=\"N. Participants*\" value=\"\" type=\"text\" name=\"your-qty\" \/><\/span>\n\t\t<\/p>\n\t<\/div>\n\t<div class=\"qodef-grid-col-3\">\n\t\t<p><span class=\"wpcf7-form-control-wrap\" data-name=\"your-lingua\"><input size=\"40\" maxlength=\"400\" class=\"wpcf7-form-control wpcf7-text wpcf7-validates-as-required\" aria-required=\"true\" aria-invalid=\"false\" placeholder=\"Langue\" value=\"\" type=\"text\" name=\"your-lingua\" \/><\/span>\n\t\t<\/p>\n\t<\/div>\n<\/div>\n<p><span class=\"wpcf7-form-control-wrap\" data-name=\"your-message\"><textarea cols=\"40\" rows=\"2\" maxlength=\"2000\" class=\"wpcf7-form-control wpcf7-textarea\" aria-invalid=\"false\" placeholder=\"Message\" name=\"your-message\"><\/textarea><\/span>\n<\/p>\n<div class=\"qodef-grid-row\">\n\t<div class=\"qodef-grid-col-6\">\n\t\t<p><span class=\"wpcf7-form-control-wrap\" data-name=\"acceptance-74\"><span class=\"wpcf7-form-control wpcf7-acceptance\"><span class=\"wpcf7-list-item\"><label><input type=\"checkbox\" name=\"acceptance-74\" value=\"1\" aria-invalid=\"false\" \/><span class=\"wpcf7-list-item-label\">J'accepte les indications fournies dans le <a href=\"\/privacy-policy\">Privacy Policy<\/a><\/span><\/label><\/span><\/span><\/span>\n\t\t<\/p>\n\t<\/div>\n\t<div class=\"qodef-grid-col-6\">\n\t\t<p><span class=\"wpcf7-form-control-wrap g-recaptcha-response\"><span class=\"wpcf7-form-control\">  <\/span><\/span>\n\t\t<\/p>\n\t<\/div>\n<\/div>\n<div style=\"text-align: center;\">\n\t<p><span class=\"qode-cf-submit-holder\"><input class=\"wpcf7-form-control wpcf7-submit has-spinner\" type=\"submit\" value=\"Envoyer\" \/><\/span>\n\t<\/p>\n<\/div><div class=\"wpcf7-response-output\" aria-hidden=\"true\"><\/div>\n<\/form>\n<\/div>\n    <\/div>\n\t\t<\/div>\n\t\t\t\t<\/div>\n\t\t\t\t\t<\/div>\n\t\t<\/div>\n\t\t\t\t<div class=\"elementor-column elementor-col-33 elementor-top-column elementor-element elementor-element-dd57819\" data-id=\"dd57819\" data-element_type=\"column\" data-settings=\"{&quot;background_background&quot;:&quot;classic&quot;}\">\n\t\t\t<div class=\"elementor-widget-wrap\">\n\t\t\t\t\t\t\t<\/div>\n\t\t<\/div>\n\t\t\t\t\t<\/div>\n\t\t<\/section>\n\t\t\t\t<\/div>\n\t\t","protected":false},"excerpt":{"rendered":"<p>DEGUSTATION A LA CAVE Nous produisons des vins (Lacrima di Morro d&rsquo;Alba et Verdicchio dei Castelli di Jesi sous diff\u00e9rentes formes et types), distillats , huile d&rsquo;olive extra vierge et condiments. \u00a0 Tous nos produits sont obtenus en transformant directement et exclusivement ce que nous&#8230;<\/p>\n","protected":false},"author":5,"featured_media":0,"parent":0,"menu_order":0,"comment_status":"closed","ping_status":"closed","template":"full_width.php","meta":{"footnotes":""},"class_list":["post-2725","page","type-page","status-publish","hentry"],"yoast_head":"<!-- This site is optimized with the Yoast SEO plugin v26.4 - https:\/\/yoast.com\/wordpress\/plugins\/seo\/ -->\n<title>D\u00e9gustations - Mancinelli Vini | Passione per il territorio<\/title>\n<meta name=\"description\" content=\"Un\u2019etichetta che propone olio, vino e distillati qualitativamente superiori rispetto alla nostra produzione ordinaria: Terre dei Goti identifica prodotti preziosi che si ottengono attraverso lavorazioni e selezioni particolari, possibili esclusivamente in annate favorevoli e pertanto non disponibili ad ogni stagione.\" \/>\n<meta name=\"robots\" content=\"index, follow, max-snippet:-1, max-image-preview:large, max-video-preview:-1\" \/>\n<link rel=\"canonical\" href=\"https:\/\/mancinellivini.it\/fr\/degustazioni-mancinelli\/\" \/>\n<meta property=\"og:locale\" content=\"fr_FR\" \/>\n<meta property=\"og:type\" content=\"article\" \/>\n<meta property=\"og:title\" content=\"D\u00e9gustations - Mancinelli Vini | Passione per il territorio\" \/>\n<meta property=\"og:description\" content=\"Un\u2019etichetta che propone olio, vino e distillati qualitativamente superiori rispetto alla nostra produzione ordinaria: Terre dei Goti identifica prodotti preziosi che si ottengono attraverso lavorazioni e selezioni particolari, possibili esclusivamente in annate favorevoli e pertanto non disponibili ad ogni stagione.\" \/>\n<meta property=\"og:url\" content=\"https:\/\/mancinellivini.it\/fr\/degustazioni-mancinelli\/\" \/>\n<meta property=\"og:site_name\" content=\"Mancinelli Vini | Passione per il territorio\" \/>\n<meta property=\"article:modified_time\" content=\"2024-02-28T08:32:08+00:00\" \/>\n<meta property=\"og:image\" content=\"https:\/\/mancinellivini.it\/wp-content\/uploads\/2024\/02\/vini-mancinelli.webp\" \/>\n<meta name=\"twitter:card\" content=\"summary_large_image\" \/>\n<script type=\"application\/ld+json\" class=\"yoast-schema-graph\">{\"@context\":\"https:\/\/schema.org\",\"@graph\":[{\"@type\":\"WebPage\",\"@id\":\"https:\/\/mancinellivini.it\/fr\/degustazioni-mancinelli\/\",\"url\":\"https:\/\/mancinellivini.it\/fr\/degustazioni-mancinelli\/\",\"name\":\"D\u00e9gustations - Mancinelli Vini | Passione per il territorio\",\"isPartOf\":{\"@id\":\"https:\/\/mancinellivini.it\/fr\/#website\"},\"primaryImageOfPage\":{\"@id\":\"https:\/\/mancinellivini.it\/fr\/degustazioni-mancinelli\/#primaryimage\"},\"image\":{\"@id\":\"https:\/\/mancinellivini.it\/fr\/degustazioni-mancinelli\/#primaryimage\"},\"thumbnailUrl\":\"https:\/\/mancinellivini.it\/wp-content\/uploads\/2024\/02\/vini-mancinelli.webp\",\"datePublished\":\"2023-04-03T08:09:04+00:00\",\"dateModified\":\"2024-02-28T08:32:08+00:00\",\"description\":\"Un\u2019etichetta che propone olio, vino e distillati qualitativamente superiori rispetto alla nostra produzione ordinaria: Terre dei Goti identifica prodotti preziosi che si ottengono attraverso lavorazioni e selezioni particolari, possibili esclusivamente in annate favorevoli e pertanto non disponibili ad ogni stagione.\",\"breadcrumb\":{\"@id\":\"https:\/\/mancinellivini.it\/fr\/degustazioni-mancinelli\/#breadcrumb\"},\"inLanguage\":\"fr-FR\",\"potentialAction\":[{\"@type\":\"ReadAction\",\"target\":[\"https:\/\/mancinellivini.it\/fr\/degustazioni-mancinelli\/\"]}]},{\"@type\":\"ImageObject\",\"inLanguage\":\"fr-FR\",\"@id\":\"https:\/\/mancinellivini.it\/fr\/degustazioni-mancinelli\/#primaryimage\",\"url\":\"https:\/\/mancinellivini.it\/wp-content\/uploads\/2024\/02\/vini-mancinelli.webp\",\"contentUrl\":\"https:\/\/mancinellivini.it\/wp-content\/uploads\/2024\/02\/vini-mancinelli.webp\"},{\"@type\":\"BreadcrumbList\",\"@id\":\"https:\/\/mancinellivini.it\/fr\/degustazioni-mancinelli\/#breadcrumb\",\"itemListElement\":[{\"@type\":\"ListItem\",\"position\":1,\"name\":\"Home\",\"item\":\"https:\/\/mancinellivini.it\/fr\/\"},{\"@type\":\"ListItem\",\"position\":2,\"name\":\"D\u00e9gustations\"}]},{\"@type\":\"WebSite\",\"@id\":\"https:\/\/mancinellivini.it\/fr\/#website\",\"url\":\"https:\/\/mancinellivini.it\/fr\/\",\"name\":\"Mancinelli Vini | Passione per il territorio\",\"description\":\"Sulle dolci colline di Morro d\u2019Alba, a circa 10 km dal mare, nella provincia di Ancona, si coltivano i vigneti e gli oliveti di Stefano Mancinelli, in una zona dell\u2019entroterra marchigiano particolarmente vocata.\",\"publisher\":{\"@id\":\"https:\/\/mancinellivini.it\/fr\/#organization\"},\"potentialAction\":[{\"@type\":\"SearchAction\",\"target\":{\"@type\":\"EntryPoint\",\"urlTemplate\":\"https:\/\/mancinellivini.it\/fr\/?s={search_term_string}\"},\"query-input\":{\"@type\":\"PropertyValueSpecification\",\"valueRequired\":true,\"valueName\":\"search_term_string\"}}],\"inLanguage\":\"fr-FR\"},{\"@type\":\"Organization\",\"@id\":\"https:\/\/mancinellivini.it\/fr\/#organization\",\"name\":\"Mancinelli Vini | Passione per il territorio\",\"url\":\"https:\/\/mancinellivini.it\/fr\/\",\"logo\":{\"@type\":\"ImageObject\",\"inLanguage\":\"fr-FR\",\"@id\":\"https:\/\/mancinellivini.it\/fr\/#\/schema\/logo\/image\/\",\"url\":\"https:\/\/mancinellivini.it\/wp-content\/uploads\/2020\/11\/MANCINELLI-Logo-200.png\",\"contentUrl\":\"https:\/\/mancinellivini.it\/wp-content\/uploads\/2020\/11\/MANCINELLI-Logo-200.png\",\"width\":200,\"height\":67,\"caption\":\"Mancinelli Vini | Passione per il territorio\"},\"image\":{\"@id\":\"https:\/\/mancinellivini.it\/fr\/#\/schema\/logo\/image\/\"}}]}<\/script>\n<!-- \/ Yoast SEO plugin. -->","yoast_head_json":{"title":"D\u00e9gustations - Mancinelli Vini | Passione per il territorio","description":"Un\u2019etichetta che propone olio, vino e distillati qualitativamente superiori rispetto alla nostra produzione ordinaria: Terre dei Goti identifica prodotti preziosi che si ottengono attraverso lavorazioni e selezioni particolari, possibili esclusivamente in annate favorevoli e pertanto non disponibili ad ogni stagione.","robots":{"index":"index","follow":"follow","max-snippet":"max-snippet:-1","max-image-preview":"max-image-preview:large","max-video-preview":"max-video-preview:-1"},"canonical":"https:\/\/mancinellivini.it\/fr\/degustazioni-mancinelli\/","og_locale":"fr_FR","og_type":"article","og_title":"D\u00e9gustations - Mancinelli Vini | Passione per il territorio","og_description":"Un\u2019etichetta che propone olio, vino e distillati qualitativamente superiori rispetto alla nostra produzione ordinaria: Terre dei Goti identifica prodotti preziosi che si ottengono attraverso lavorazioni e selezioni particolari, possibili esclusivamente in annate favorevoli e pertanto non disponibili ad ogni stagione.","og_url":"https:\/\/mancinellivini.it\/fr\/degustazioni-mancinelli\/","og_site_name":"Mancinelli Vini | Passione per il territorio","article_modified_time":"2024-02-28T08:32:08+00:00","og_image":[{"url":"https:\/\/mancinellivini.it\/wp-content\/uploads\/2024\/02\/vini-mancinelli.webp","type":"","width":"","height":""}],"twitter_card":"summary_large_image","schema":{"@context":"https:\/\/schema.org","@graph":[{"@type":"WebPage","@id":"https:\/\/mancinellivini.it\/fr\/degustazioni-mancinelli\/","url":"https:\/\/mancinellivini.it\/fr\/degustazioni-mancinelli\/","name":"D\u00e9gustations - Mancinelli Vini | Passione per il territorio","isPartOf":{"@id":"https:\/\/mancinellivini.it\/fr\/#website"},"primaryImageOfPage":{"@id":"https:\/\/mancinellivini.it\/fr\/degustazioni-mancinelli\/#primaryimage"},"image":{"@id":"https:\/\/mancinellivini.it\/fr\/degustazioni-mancinelli\/#primaryimage"},"thumbnailUrl":"https:\/\/mancinellivini.it\/wp-content\/uploads\/2024\/02\/vini-mancinelli.webp","datePublished":"2023-04-03T08:09:04+00:00","dateModified":"2024-02-28T08:32:08+00:00","description":"Un\u2019etichetta che propone olio, vino e distillati qualitativamente superiori rispetto alla nostra produzione ordinaria: Terre dei Goti identifica prodotti preziosi che si ottengono attraverso lavorazioni e selezioni particolari, possibili esclusivamente in annate favorevoli e pertanto non disponibili ad ogni stagione.","breadcrumb":{"@id":"https:\/\/mancinellivini.it\/fr\/degustazioni-mancinelli\/#breadcrumb"},"inLanguage":"fr-FR","potentialAction":[{"@type":"ReadAction","target":["https:\/\/mancinellivini.it\/fr\/degustazioni-mancinelli\/"]}]},{"@type":"ImageObject","inLanguage":"fr-FR","@id":"https:\/\/mancinellivini.it\/fr\/degustazioni-mancinelli\/#primaryimage","url":"https:\/\/mancinellivini.it\/wp-content\/uploads\/2024\/02\/vini-mancinelli.webp","contentUrl":"https:\/\/mancinellivini.it\/wp-content\/uploads\/2024\/02\/vini-mancinelli.webp"},{"@type":"BreadcrumbList","@id":"https:\/\/mancinellivini.it\/fr\/degustazioni-mancinelli\/#breadcrumb","itemListElement":[{"@type":"ListItem","position":1,"name":"Home","item":"https:\/\/mancinellivini.it\/fr\/"},{"@type":"ListItem","position":2,"name":"D\u00e9gustations"}]},{"@type":"WebSite","@id":"https:\/\/mancinellivini.it\/fr\/#website","url":"https:\/\/mancinellivini.it\/fr\/","name":"Mancinelli Vini | Passione per il territorio","description":"Sulle dolci colline di Morro d\u2019Alba, a circa 10 km dal mare, nella provincia di Ancona, si coltivano i vigneti e gli oliveti di Stefano Mancinelli, in una zona dell\u2019entroterra marchigiano particolarmente vocata.","publisher":{"@id":"https:\/\/mancinellivini.it\/fr\/#organization"},"potentialAction":[{"@type":"SearchAction","target":{"@type":"EntryPoint","urlTemplate":"https:\/\/mancinellivini.it\/fr\/?s={search_term_string}"},"query-input":{"@type":"PropertyValueSpecification","valueRequired":true,"valueName":"search_term_string"}}],"inLanguage":"fr-FR"},{"@type":"Organization","@id":"https:\/\/mancinellivini.it\/fr\/#organization","name":"Mancinelli Vini | Passione per il territorio","url":"https:\/\/mancinellivini.it\/fr\/","logo":{"@type":"ImageObject","inLanguage":"fr-FR","@id":"https:\/\/mancinellivini.it\/fr\/#\/schema\/logo\/image\/","url":"https:\/\/mancinellivini.it\/wp-content\/uploads\/2020\/11\/MANCINELLI-Logo-200.png","contentUrl":"https:\/\/mancinellivini.it\/wp-content\/uploads\/2020\/11\/MANCINELLI-Logo-200.png","width":200,"height":67,"caption":"Mancinelli Vini | Passione per il territorio"},"image":{"@id":"https:\/\/mancinellivini.it\/fr\/#\/schema\/logo\/image\/"}}]}},"_links":{"self":[{"href":"https:\/\/mancinellivini.it\/fr\/wp-json\/wp\/v2\/pages\/2725","targetHints":{"allow":["GET"]}}],"collection":[{"href":"https:\/\/mancinellivini.it\/fr\/wp-json\/wp\/v2\/pages"}],"about":[{"href":"https:\/\/mancinellivini.it\/fr\/wp-json\/wp\/v2\/types\/page"}],"author":[{"embeddable":true,"href":"https:\/\/mancinellivini.it\/fr\/wp-json\/wp\/v2\/users\/5"}],"replies":[{"embeddable":true,"href":"https:\/\/mancinellivini.it\/fr\/wp-json\/wp\/v2\/comments?post=2725"}],"version-history":[{"count":14,"href":"https:\/\/mancinellivini.it\/fr\/wp-json\/wp\/v2\/pages\/2725\/revisions"}],"predecessor-version":[{"id":2938,"href":"https:\/\/mancinellivini.it\/fr\/wp-json\/wp\/v2\/pages\/2725\/revisions\/2938"}],"wp:attachment":[{"href":"https:\/\/mancinellivini.it\/fr\/wp-json\/wp\/v2\/media?parent=2725"}],"curies":[{"name":"wp","href":"https:\/\/api.w.org\/{rel}","templated":true}]}}